{"id":1383,"date":"2022-10-18T12:19:22","date_gmt":"2022-10-18T12:19:22","guid":{"rendered":"https:\/\/sfkbt.se\/sfkbt\/?page_id=1383"},"modified":"2026-04-26T14:54:58","modified_gmt":"2026-04-26T14:54:58","slug":"kalendarium","status":"publish","type":"page","link":"https:\/\/sfkbt.se\/sfkbt\/kalendarium\/","title":{"rendered":"Aktiviteter"},"content":{"rendered":"<div class=\"gb-container gb-container-19a4201d\"><div class=\"gb-inside-container\">\n<div class=\"gb-container gb-container-7286e5a2\"><div class=\"gb-inside-container\">\n\n<h2 class=\"wp-block-heading has-text-align-center has-vittext-color has-text-color\">aktiviteter<\/h2>\n\n<\/div><\/div>\n<\/div><\/div>\n\n<div class=\"gb-container gb-container-2a42e7db sen_dold\"><div class=\"gb-inside-container\">\n<div class=\"gb-grid-wrapper gb-grid-wrapper-75e5449c\">\n<div class=\"gb-grid-column gb-grid-column-c11e5599\"><div class=\"gb-container gb-container-c11e5599\"><div class=\"gb-inside-container\">\n\n<h2 class=\"wp-block-heading has-text-align-center has-vittext-color has-text-color\">aktiviteter<\/h2>\n\n<\/div><\/div><\/div>\n\n<div class=\"gb-grid-column gb-grid-column-702c6818\"><div class=\"gb-container gb-container-702c6818\">\n\n<figure class=\"wp-block-image size-large is-resized\"><img decoding=\"async\" src=\"https:\/\/sfkbt.se\/wpbilder\/2023.jpg\" alt=\"\" style=\"width:575px;height:132px\"\/><\/figure>\n\n<\/div><\/div>\n<\/div>\n<\/div><\/div>\n\n<div class=\"gb-container gb-container-cd160ea8 sen_dold\"><div class=\"gb-inside-container\">\n<div class=\"gb-grid-wrapper gb-grid-wrapper-ef11f654\">\n<div class=\"gb-grid-column gb-grid-column-3338c12e\"><div class=\"gb-container gb-container-3338c12e\"><div class=\"gb-inside-container\">\n\n<h2 class=\"wp-block-heading has-vittext-color has-text-color\">aktiviteter<\/h2>\n\n<\/div><\/div><\/div>\n\n<div class=\"gb-grid-column gb-grid-column-0497c775\"><div class=\"gb-container gb-container-0497c775\"><div class=\"gb-inside-container\">\n\n<h1 class=\"wp-block-heading sen_opactext has-vittext-color has-text-color\" style=\"font-size:200px\">2023<\/h1>\n\n<\/div><\/div><\/div>\n<\/div>\n<\/div><\/div>\n\n<div class=\"gb-grid-wrapper gb-grid-wrapper-049fef62\">\n<div class=\"gb-grid-column gb-grid-column-865320aa\"><div class=\"gb-container gb-container-865320aa\"><div class=\"gb-inside-container\">\n\n<p>H\u00e4r hittar du v\u00e5ra aktuella aktiviteter inom kognitiv beteendeterapi, f\u00f6rel\u00e4sningar, sokratiska caf\u00e9er och andra evenemang. Aktiviteterna arrangeras av oss i sfKBT, eller samarbetspartners och internationella n\u00e4tverk.<\/p>\n\n<\/div><\/div><\/div>\n\n<div class=\"gb-grid-column gb-grid-column-7619d4a1\"><div class=\"gb-container gb-container-7619d4a1\"><div class=\"gb-inside-container\">\n\n<hr class=\"wp-block-separator has-text-color has-contrast-3-color has-alpha-channel-opacity has-contrast-3-background-color has-background\"\/>\n\n\n<div class=\"gb-grid-wrapper gb-grid-wrapper-104683bf\">\n<div class=\"gb-grid-column gb-grid-column-8739e4d2\"><div class=\"gb-container gb-container-8739e4d2\"><div class=\"gb-inside-container\">\n<div class=\"wp-block-image\">\n<figure class=\"aligncenter size-large is-resized\"><img decoding=\"async\" src=\"https:\/\/sfkbt.se\/wpbilder\/E_Wesslander.jpg?r=9\" alt=\"\" style=\"object-fit:contain;width:225px;height:159px\"\/><\/figure>\n<\/div>\n<\/div><\/div><\/div>\n\n<div class=\"gb-grid-column gb-grid-column-d91ae91e\"><div class=\"gb-container gb-container-d91ae91e\"><div class=\"gb-inside-container\">\n<div class=\"gb-grid-wrapper gb-grid-wrapper-1401854e\">\n<div class=\"gb-grid-column gb-grid-column-3da1c16f\"><div class=\"gb-container gb-container-3da1c16f\"><div class=\"gb-inside-container\">\n\n<p><strong>DIGITAL F\u00d6REL\u00c4SNING<\/strong><\/p>\n\n<\/div><\/div><\/div>\n\n<div class=\"gb-grid-column gb-grid-column-36286015\"><div class=\"gb-container gb-container-36286015\"><div class=\"gb-inside-container\">\n\n<p class=\"has-accentgreen-color has-text-color\"><strong>2026-05-05<\/strong><\/p>\n\n<\/div><\/div><\/div>\n<\/div>\n\n<div class=\"gb-container gb-container-eadc542d\"><div class=\"gb-inside-container\">\n\n<p>Arrang\u00f6r: Sydsvenska lokalf\u00f6reningen<\/p>\n\n\n\n<p><strong><strong>Terapeutens misstag \u2013 om det m\u00e4nskliga i terapirummet<\/strong><\/strong><br><em>Alla m\u00e4nniskor g\u00f6r misstag, s\u00e5 \u00e4ven terapeuter, och hur vi f\u00f6rh\u00e5ller oss till det p\u00e5verkar v\u00e5rt arbete.<\/em><\/p>\n\n\n\n<p>Varmt v\u00e4lkommen till en digital mini-workshop d\u00e4r vi anv\u00e4nder misstagen som en spr\u00e5ngbr\u00e4da f\u00f6r professionell utveckling.<\/p>\n\n\n\n<p>Workshopen h\u00e5lls av&nbsp;Elin Wesslander, psykolog, psykoterapeut, specialist i psykoterapi och f\u00f6rfattare till&nbsp;<em>Terapeutens misstag<\/em>&nbsp;(2023) och&nbsp;<em>Handledarens hemligheter<\/em>&nbsp;(2025). Elin \u00e4r en erfaren kliniker, handledare och utbildare med specialintresset att hj\u00e4lpa behandlare att titta p\u00e5 sig sj\u00e4lva f\u00f6r att utvecklas i yrkesrollen.<\/p>\n\n\n\n<p><\/p>\n\n\n\n<div class=\"wp-block-buttons sen_dold is-layout-flex wp-block-buttons-is-layout-flex\">\n<div class=\"wp-block-button\"><a class=\"wp-block-button__link wp-element-button\" href=\"https:\/\/sfkbt-medlem.se\/Am45.aspx\" style=\"border-radius:25px\">L\u00c4S MER och anm\u00e4l dig<\/a><\/div>\n<\/div>\n\n<\/div><\/div>\n\n\n<p><\/p>\n\n\n<div class=\"gb-container gb-container-27d99d1c\"><div class=\"gb-inside-container\">\n\n<hr class=\"wp-block-separator has-alpha-channel-opacity\"\/>\n\n<\/div><\/div>\n<\/div><\/div><\/div>\n<\/div>\n\n<div class=\"gb-grid-wrapper gb-grid-wrapper-f1036ee4\">\n<div class=\"gb-grid-column gb-grid-column-f7c13025\"><div class=\"gb-container gb-container-f7c13025\"><div class=\"gb-inside-container\">\n\n<figure class=\"wp-block-image size-large is-resized\"><img decoding=\"async\" src=\"https:\/\/sfkbt.se\/wpbilder\/sfkbtlog.png\" alt=\"\" style=\"object-fit:cover;width:225px;height:128px\"\/><\/figure>\n\n<\/div><\/div><\/div>\n\n<div class=\"gb-grid-column gb-grid-column-0cd5f7cb\"><div class=\"gb-container gb-container-0cd5f7cb\"><div class=\"gb-inside-container\">\n<div class=\"gb-grid-wrapper gb-grid-wrapper-f52b18cf\">\n<div class=\"gb-grid-column gb-grid-column-6390882f\"><div class=\"gb-container gb-container-6390882f\"><div class=\"gb-inside-container\">\n\n<p><strong>DIGITAL F\u00d6REL\u00c4SNING<\/strong><\/p>\n\n<\/div><\/div><\/div>\n\n<div class=\"gb-grid-column gb-grid-column-053b3281\"><div class=\"gb-container gb-container-053b3281\"><div class=\"gb-inside-container\">\n\n<p class=\"has-accentgreen-color has-text-color\"><strong>2025-05-20<\/strong><\/p>\n\n<\/div><\/div><\/div>\n<\/div>\n\n<div class=\"gb-container gb-container-2ec94d6b\"><div class=\"gb-inside-container\">\n\n<p>Arrang\u00f6r: Norra lokalf\u00f6reningen<\/p>\n\n\n\n<p><strong>V\u00e5ld &#8211; en het potatis<\/strong><\/p>\n\n\n\n<p>V\u00e4lkommen till en f\u00f6rel\u00e4sning med efterf\u00f6ljande diskussion och erfarenhetsutbyte om arbete med svartsjuka, v\u00e5ld och andra destruktiva relationsm\u00f6nster. Hur kan vi arbeta f\u00f6r att stoppa v\u00e5ldet, och vad beh\u00f6ver vi som behandlare veta?<\/p>\n\n\n\n<p>David Wemmert, leg. psykolog, f\u00f6rel\u00e4ser om samtal med v\u00e5ldsut\u00f6vare i behandling. Marika Th\u00f6rn, leg. psykoterapeut, presenterar KBT-baserade strategier f\u00f6r hantering av svartsjuka. Efter f\u00f6rel\u00e4sningarna finns tid f\u00f6r diskussion och erfarenhetsutbyte<\/p>\n\n\n\n<p><\/p>\n\n\n\n<div class=\"wp-block-buttons sen_dold is-layout-flex wp-block-buttons-is-layout-flex\">\n<div class=\"wp-block-button\"><a class=\"wp-block-button__link wp-element-button\" href=\"https:\/\/sfkbt-medlem.se\/Am41.aspx\" style=\"border-radius:25px\">TA MIG TILL ANM\u00c4LAN<\/a><\/div>\n<\/div>\n\n<\/div><\/div>\n\n\n<p><\/p>\n\n\n<div class=\"gb-container gb-container-3f65220d\"><div class=\"gb-inside-container\">\n\n<hr class=\"wp-block-separator has-alpha-channel-opacity\"\/>\n\n<\/div><\/div>\n<\/div><\/div><\/div>\n<\/div>\n\n<div class=\"gb-grid-wrapper gb-grid-wrapper-441727fa\">\n<div class=\"gb-grid-column gb-grid-column-e0856404\"><div class=\"gb-container gb-container-e0856404\"><div class=\"gb-inside-container\"><\/div><\/div><\/div>\n<\/div>\n\n<div class=\"gb-grid-wrapper gb-grid-wrapper-fdf3afbc\">\n<div class=\"gb-grid-column gb-grid-column-d1922bcd\"><div class=\"gb-container gb-container-d1922bcd\"><div class=\"gb-inside-container\">\n\n<figure class=\"gb-block-image gb-block-image-2e049fc3\"><img decoding=\"async\" class=\"gb-image gb-image-2e049fc3\" src=\"https:\/\/sfkbt.se\/wpbilder\/P_Jacobsson.png\" alt=\"\"\/><\/figure>\n\n<\/div><\/div><\/div>\n\n<div class=\"gb-grid-column gb-grid-column-d66f624b\"><div class=\"gb-container gb-container-d66f624b\"><div class=\"gb-inside-container\">\n\n<p><\/p>\n\n\n<div class=\"gb-container gb-container-2c96cd2d\"><div class=\"gb-inside-container\">\n<div class=\"gb-grid-wrapper gb-grid-wrapper-c96fc454\">\n<div class=\"gb-grid-column gb-grid-column-d37a3cd9\"><div class=\"gb-container gb-container-d37a3cd9\"><div class=\"gb-inside-container\">\n\n<p><strong>SOKRATISKT CAF\u00c9<\/strong>, <strong>hybridformat<\/strong><\/p>\n\n<\/div><\/div><\/div>\n\n<div class=\"gb-grid-column gb-grid-column-2f7bd293\"><div class=\"gb-container gb-container-2f7bd293\"><div class=\"gb-inside-container\">\n\n<p class=\"has-accentgreen-color has-text-color\"><strong>2026-05-28<\/strong><\/p>\n\n<\/div><\/div><\/div>\n<\/div>\n\n\n<p>Arrang\u00f6r: V\u00e4stsvenska lokalf\u00f6reningen<\/p>\n\n\n\n<p><strong>Temat \u00e4r personlighetssyndrom <\/strong><\/p>\n\n\n\n<p>F\u00f6rel\u00e4sningen ges av Peter Jacobsson, leg. psykolog, leg. psykoterapeut och doktorand. Han presenterar de dimensionella modellerna f\u00f6r personlighetssyndrom i DSM-5 AMPD och ICD-11, med fokus p\u00e5 begr\u00e4nsningar i traditionell kategorisk diagnostik. F\u00f6rel\u00e4sningen belyser hur personlighetsproblematik kan f\u00f6rst\u00e5s utifr\u00e5n sv\u00e5righetsgrad och personlighetsdrag, samt likheter och skillnader mellan modellerna. \u00c4ven klinisk till\u00e4mpning, bed\u00f6mningsinstrument och relevans f\u00f6r KBT-arbete ber\u00f6rs.<\/p>\n\n\n\n<p><\/p>\n\n\n\n<div class=\"wp-block-buttons sen_dold is-layout-flex wp-block-buttons-is-layout-flex\">\n<div class=\"wp-block-button\"><a class=\"wp-block-button__link wp-element-button\" href=\"https:\/\/sfkbt-medlem.se\/am47.aspx\" style=\"border-radius:25px\">Jag vill anm\u00e4la mig<\/a><\/div>\n<\/div>\n\n<\/div><\/div>\n<\/div><\/div><\/div>\n<\/div>\n\n\n<hr class=\"wp-block-separator has-text-color has-contrast-3-color has-alpha-channel-opacity has-contrast-3-background-color has-background sen_dold\"\/>\n\n\n\n<hr class=\"wp-block-separator has-text-color has-contrast-3-color has-alpha-channel-opacity has-contrast-3-background-color has-background sen_dold\"\/>\n\n\n\n<hr class=\"wp-block-separator has-text-color has-contrast-3-color has-alpha-channel-opacity has-contrast-3-background-color has-background sen_dold\"\/>\n\n\n<div class=\"gb-grid-wrapper gb-grid-wrapper-306aff97 sen_dold\">\n<div class=\"gb-grid-column gb-grid-column-fd8da883\"><div class=\"gb-container gb-container-fd8da883\"><div class=\"gb-inside-container\">\n<div class=\"wp-block-image\">\n<figure class=\"aligncenter size-large is-resized\"><img decoding=\"async\" src=\"https:\/\/sfkbt.se\/bilder\/btf.jpg?r=9\" alt=\"\" style=\"object-fit:contain;width:225px;height:81px\"\/><\/figure>\n<\/div>\n<\/div><\/div><\/div>\n\n<div class=\"gb-grid-column gb-grid-column-e3675491\"><div class=\"gb-container gb-container-e3675491\"><div class=\"gb-inside-container\">\n<div class=\"gb-grid-wrapper gb-grid-wrapper-56c13998\">\n<div class=\"gb-grid-column gb-grid-column-e878f77c\"><div class=\"gb-container gb-container-e878f77c\"><div class=\"gb-inside-container\">\n\n<p><strong>EXTERN AKTIVITET <\/strong><\/p>\n\n<\/div><\/div><\/div>\n\n<div class=\"gb-grid-column gb-grid-column-c9e9896b\"><div class=\"gb-container gb-container-c9e9896b\"><div class=\"gb-inside-container\">\n\n<p class=\"has-accentgreen-color has-text-color\"><strong>2025-03-27 &#8212; 2025-03-28<\/strong><\/p>\n\n<\/div><\/div><\/div>\n<\/div>\n\n<div class=\"gb-container gb-container-5ecf4032\"><div class=\"gb-inside-container\">\n\n<p><strong>BTF:s \u00c5RSKONGRESS <\/strong><\/p>\n\n\n\n<p>Arrang\u00f6r: Beteendeterapeutiska f\u00f6reningen<\/p>\n\n\n\n<p>Kongressen h\u00e5lls i Karlstad p\u00e5 temat <em>Allra n\u00e4rmast mig \u2013 Intimitet i en komplex v\u00e4rld<\/em>. Tanken \u00e4r att fokusera p\u00e5 det som ber\u00f6r oss p\u00e5 djupet, det som ligger oss n\u00e4ra och g\u00f6r oss till m\u00e4nniskor. Intimitet avser i det h\u00e4r sammanhanget inte enbart romantiska relationer, utan interaktioner d\u00e4r individerna upplever \u00f6msesidig tillit och k\u00e4nslom\u00e4ssig n\u00e4rhet.<\/p>\n\n\n\n<p>Medlemmar i SfKBT inbjuds att delta till samma pris som BTF:s medlemmar. Rabattkoden finns p\u00e5 ditt <a href=\"https:\/\/sfkbt-medlem.se\/Login.aspx\"><strong>medlemskonto<\/strong><\/a>.<\/p>\n\n\n\n<div class=\"wp-block-buttons sen_dold is-layout-flex wp-block-buttons-is-layout-flex\">\n<div class=\"wp-block-button\"><a class=\"wp-block-button__link wp-element-button\" href=\"https:\/\/www.beteendeterapeutiska.org\/arskongressen-2025#!event\/2025\/3\/27\/k-246-p-biljett-till-229-rskongressen-2025\" style=\"border-radius:25px\" target=\"_blank\" rel=\"noreferrer noopener\">L\u00c4S MER OM KONGRESSEN<\/a><\/div>\n<\/div>\n\n<\/div><\/div>\n<\/div><\/div><\/div>\n<\/div>\n\n\n<hr class=\"wp-block-separator has-text-color has-contrast-3-color has-alpha-channel-opacity has-contrast-3-background-color has-background sen_dold\"\/>\n\n\n\n<hr class=\"wp-block-separator has-text-color has-contrast-3-color has-alpha-channel-opacity has-contrast-3-background-color has-background sen_dold\"\/>\n\n\n\n<hr class=\"wp-block-separator has-text-color has-contrast-3-color has-alpha-channel-opacity has-contrast-3-background-color has-background sen_dold\"\/>\n\n\n<div class=\"gb-grid-wrapper gb-grid-wrapper-0ae1558b sen_dold\">\n<div class=\"gb-grid-column gb-grid-column-2794e6ff\"><div class=\"gb-container gb-container-2794e6ff\"><div class=\"gb-inside-container\">\n<div class=\"wp-block-image\">\n<figure class=\"aligncenter size-large is-resized\"><img decoding=\"async\" src=\"https:\/\/sfkbt.se\/wpbilder\/Konf2025.png?r=8\" alt=\"\" style=\"object-fit:contain;width:225px;height:225px\"\/><\/figure>\n<\/div>\n<\/div><\/div><\/div>\n\n<div class=\"gb-grid-column gb-grid-column-8e830350\"><div class=\"gb-container gb-container-8e830350\"><div class=\"gb-inside-container\">\n<div class=\"gb-grid-wrapper gb-grid-wrapper-8af81bcb\">\n<div class=\"gb-grid-column gb-grid-column-5ef3aa73\"><div class=\"gb-container gb-container-5ef3aa73\"><div class=\"gb-inside-container\">\n\n<p><strong>\u00c5RSKONFERENS <\/strong><\/p>\n\n<\/div><\/div><\/div>\n\n<div class=\"gb-grid-column gb-grid-column-9367551c\"><div class=\"gb-container gb-container-9367551c\"><div class=\"gb-inside-container\">\n\n<p class=\"has-accentgreen-color has-text-color\"><strong>2025-10-17 &#8212; 2025-10-18<\/strong><\/p>\n\n<\/div><\/div><\/div>\n<\/div>\n\n<div class=\"gb-container gb-container-949fce3d\"><div class=\"gb-inside-container\">\n\n<p>Arrang\u00f6r: Svenska f\u00f6reningen f\u00f6r kognitiva och beteendeinriktade terapier<\/p>\n\n\n\n<p>Varmt v\u00e4lkommen till kommande \u00e5rskonferens den 17-18 oktober! Temat f\u00f6r i \u00e5r \u00e4r&nbsp;<em>Upplevelsebaserad KBT &#8211; metoder i utvecklling<\/em>.<\/p>\n\n\n\n<p>Missa inte detta unika tillf\u00e4lle att inspireras, l\u00e4ra dig mer och att n\u00e4tverka!<\/p>\n\n\n\n<p>Huvudsponsor:<\/p>\n\n\n\n<figure class=\"wp-block-image size-large is-resized\"><a href=\"https:\/\/www.ctnotes.com\/\" target=\"_blank\" rel=\" noreferrer noopener\"><img decoding=\"async\" src=\"https:\/\/sfkbt.se\/wpbilder\/CTNotes-logo.png\" alt=\"\" style=\"object-fit:cover;width:250px;height:104px\" title=\"CT Notes\"\/><\/a><\/figure>\n\n\n\n<div class=\"wp-block-buttons is-layout-flex wp-block-buttons-is-layout-flex\">\n<div class=\"wp-block-button\"><a class=\"wp-block-button__link wp-element-button\" href=\"https:\/\/sfkbt-medlem.se\/Am30a.aspx\">L\u00c4S MER OCH ANM\u00c4L DIG<\/a><\/div>\n<\/div>\n\n<\/div><\/div>\n<\/div><\/div><\/div>\n<\/div>\n\n<div class=\"gb-grid-wrapper gb-grid-wrapper-063bb0f2 sen_dold\">\n<div class=\"gb-grid-column gb-grid-column-e3cdd096\"><div class=\"gb-container gb-container-e3cdd096\"><div class=\"gb-inside-container\">\n\n<figure class=\"wp-block-image size-large is-resized\"><a href=\"https:\/\/sfkbt-medlem.se\/Am45.aspx\"><img decoding=\"async\" src=\"https:\/\/sfkbt.se\/wpbilder\/J_CvL.jpg?r=10\" alt=\"\" style=\"object-fit:cover;width:225px;height:213px\"\/><\/a><\/figure>\n\n<\/div><\/div><\/div>\n\n<div class=\"gb-grid-column gb-grid-column-68474bfe\"><div class=\"gb-container gb-container-68474bfe\"><div class=\"gb-inside-container\">\n<div class=\"gb-grid-wrapper gb-grid-wrapper-3dff7282\">\n<div class=\"gb-grid-column gb-grid-column-f965ce7f\"><div class=\"gb-container gb-container-f965ce7f\"><div class=\"gb-inside-container\">\n\n<p><strong>\u00c5RSM\u00d6TE OCH F\u00d6REL\u00c4SNING<\/strong> <\/p>\n\n<\/div><\/div><\/div>\n\n<div class=\"gb-grid-column gb-grid-column-2144d811\"><div class=\"gb-container gb-container-2144d811\"><div class=\"gb-inside-container\">\n\n<p class=\"has-accentgreen-color has-text-color\"><strong>2026-03-18<\/strong><\/p>\n\n<\/div><\/div><\/div>\n<\/div>\n\n<div class=\"gb-container gb-container-ed4bc737\"><div class=\"gb-inside-container\">\n\n<p>Arrang\u00f6r: Sydsvenska lokalf\u00f6reningen<\/p>\n\n\n\n<p>Vi kallar medlemmarna i lokalf\u00f6reningen till \u00e5rsm\u00f6te.<\/p>\n\n\n\n<p>Vi inleder kv\u00e4llen med mat och dryck innan vi lyssnar p\u00e5 en f\u00f6rel\u00e4sning med Jakob Clason van de Leur, forskare vid Uppsala universitet.<\/p>\n\n\n\n<p><strong>Att arbeta med utmattning och tr\u00f6tthet utifr\u00e5n etablerade metoder som<br>v\u00e4rderingsarbete, exponering och beteendeaktivering \u2013 snarare \u00e4n \u00e5terh\u00e4mtning<\/strong><\/p>\n\n\n\n<p>Efter f\u00f6rel\u00e4sningen f\u00f6ljer sedvanliga \u00e5rsm\u00f6tesf\u00f6rhandlingar.<\/p>\n\n\n\n<div class=\"wp-block-buttons is-layout-flex wp-block-buttons-is-layout-flex\">\n<div class=\"wp-block-button\"><a class=\"wp-block-button__link wp-element-button\" href=\"https:\/\/sfkbt-medlem.se\/am40.aspx\" style=\"border-radius:25px\">L\u00c4S MER OCH ANM\u00c4L DIG<\/a><\/div>\n<\/div>\n\n<\/div><\/div>\n<\/div><\/div><\/div>\n<\/div>\n\n\n<hr class=\"wp-block-separator has-text-color has-contrast-3-color has-alpha-channel-opacity has-contrast-3-background-color has-background sen_dold\"\/>\n\n\n<div class=\"gb-grid-wrapper gb-grid-wrapper-328aadfb sen_dold\">\n<div class=\"gb-grid-column gb-grid-column-dc710859\"><div class=\"gb-container gb-container-dc710859\"><div class=\"gb-inside-container\">\n<div class=\"wp-block-image\">\n<figure class=\"aligncenter size-large is-resized\"><img decoding=\"async\" src=\"https:\/\/sfkbt.se\/wpbilder\/kristina-glise.png?r=9\" alt=\"\" style=\"object-fit:contain;width:225px;height:225px\"\/><\/figure>\n<\/div>\n<\/div><\/div><\/div>\n\n<div class=\"gb-grid-column gb-grid-column-cd0ff859\"><div class=\"gb-container gb-container-cd0ff859\"><div class=\"gb-inside-container\">\n<div class=\"gb-grid-wrapper gb-grid-wrapper-1bbd912c\">\n<div class=\"gb-grid-column gb-grid-column-5b3edff5\"><div class=\"gb-container gb-container-5b3edff5\"><div class=\"gb-inside-container\">\n\n<p><strong>\u00c5RSM\u00d6TE OCH F\u00d6REL\u00c4SNING<\/strong><\/p>\n\n<\/div><\/div><\/div>\n\n<div class=\"gb-grid-column gb-grid-column-f721faff\"><div class=\"gb-container gb-container-f721faff\"><div class=\"gb-inside-container\">\n\n<p class=\"has-accentgreen-color has-text-color\"><strong>2026-03-19<\/strong><\/p>\n\n<\/div><\/div><\/div>\n<\/div>\n\n<div class=\"gb-container gb-container-cce39b19\"><div class=\"gb-inside-container\">\n\n<p>Arrang\u00f6r: V\u00e4stsvenska lokalf\u00f6reningen<\/p>\n\n\n\n<p>Medlemmarna i V\u00e4stsvenska lokalf\u00f6reningen kallas till \u00e5rsm\u00f6te. I samband med m\u00f6tet g\u00e4stas vi av Kristina Glise f\u00f6r f\u00f6rel\u00e4sning och diskussion:<\/p>\n\n\n\n<p><strong>Utmattningssyndrom \u2013 vad kan vi missa om diagnosen f\u00f6rsvinner?<\/strong><br>I dagens h\u00e4lso- och sjukv\u00e5rd \u00e4r utmattningssyndrom ett av de vanligaste sk\u00e4len till sjukskrivning. N\u00e4r diagnossystem och riktlinjer f\u00f6r\u00e4ndras med ICD-11 v\u00e4cks viktiga fr\u00e5gor: Vad riskerar vi att missa om diagnosen f\u00f6rsvinner och hur p\u00e5verkar det kliniskt arbete, patienternas v\u00e4g till \u00e5terh\u00e4mtning och v\u00e5r f\u00f6rm\u00e5ga att erbjuda r\u00e4tt insatser i r\u00e4tt tid?<\/p>\n\n\n\n<p><em>Kristina Glise<\/em>&nbsp;\u00e4r medicine doktor och \u00f6verl\u00e4kare vid&nbsp;<em>Institutet f\u00f6r stressmedicin<\/em>&nbsp;(ISM) i G\u00f6teborg, med l\u00e5ng erfarenhet av kliniskt och forskningsarbete kring stressrelaterad psykisk oh\u00e4lsa och utmattningssyndrom. Hennes forskning har handlat om utmattningssyndromets symtombild, f\u00f6rlopp och diagnostik, samt hur patienter identifieras, bed\u00f6ms och behandlas.<\/p>\n\n\n\n<div class=\"wp-block-buttons sen_dold is-layout-flex wp-block-buttons-is-layout-flex\">\n<div class=\"wp-block-button\"><a class=\"wp-block-button__link wp-element-button\" href=\"https:\/\/sfkbt-medlem.se\/Am51.aspx\" style=\"border-radius:25px\">L\u00c4S MER och anm\u00e4l dig<\/a><\/div>\n<\/div>\n\n<\/div><\/div>\n<\/div><\/div><\/div>\n<\/div>\n\n\n<hr class=\"wp-block-separator has-text-color has-contrast-3-color has-alpha-channel-opacity has-contrast-3-background-color has-background sen_dold\"\/>\n\n\n\n<hr class=\"wp-block-separator has-text-color has-contrast-3-color has-alpha-channel-opacity has-contrast-3-background-color has-background\"\/>\n\n<\/div><\/div><\/div>\n\n<div class=\"gb-grid-column gb-grid-column-83fe6b19\"><div class=\"gb-container gb-container-83fe6b19\"><div class=\"gb-inside-container\">\n<div class=\"gb-container gb-container-992ddbaf\"><div class=\"gb-inside-container\">\n\n<h5 class=\"wp-block-heading has-ny-bla-variant-sfkbt-color has-text-color\">TA DEL AV MATERIAL FR\u00c5N TIDIGARE AKTIVITETER<\/h5>\n\n\n\n<p class=\"sen_dold\">Som medlem har du tillg\u00e5ng till material fr\u00e5n tidigare aktiviteters presentationer. Logga in och ta del av det som finns samlat fr\u00e5n respektive genomf\u00f6rd aktivitet.<\/p>\n\n\n\n<p>H\u00e4r kan du som deltagit i tidigare aktiviteter ladda ner dokumentation.<\/p>\n\n\n\n<p><a href=\"https:\/\/sfkbt-medlem.se\/Am40.aspx\" data-type=\"link\" data-id=\"https:\/\/sfkbt-medlem.se\/Am40.aspx\"><strong>Arbeta med utmattning utifr\u00e5n v\u00e4rderingsarbete. Med Jakob Claeson van de Leur, 18 mars 2026<\/strong><\/a><\/p>\n\n\n\n<p><a href=\"https:\/\/sfkbt-medlem.se\/Am51.aspx\"><strong>Utmattningssyndrom \u2013 vad kan vi missa om diagnosen f\u00f6rsvinner?<\/strong> <strong>Med Kristina Glise,<\/strong> <strong>19 mars 2026<\/strong><\/a><\/p>\n\n\n\n<p><strong><a href=\"https:\/\/sfkbt-medlem.se\/am46.aspx\">KBT och klimakteriet &#8211; evidensbaserade strategier 17 november 2025<\/a><\/strong><\/p>\n\n\n\n<p><strong><a href=\"https:\/\/sfkbt-medlem.se\/am30d.aspx\">\u00c5rskonferens 17-18 oktober 2025<\/a><\/strong><\/p>\n\n\n\n<p><strong><a href=\"https:\/\/sfkbt-medlem.se\/am42.aspx\"><strong>Att m\u00f6ta patienter med \u00e4tst\u00f6rning &#8211; Om behandling och gr\u00e4nsdragningar utanf\u00f6r specialistpsykiatrin<\/strong> 30 september 2025<\/a><\/strong><\/p>\n\n\n\n<p><strong><a href=\"https:\/\/sfkbt-medlem.se\/am40f4.aspx\">\u00c4r Unified Protocol en l\u00f6sning i prim\u00e4rv\u00e5rden? 1 april 2025<\/a><\/strong><a href=\"https:\/\/sfkbt-medlem.se\/Am51.aspx\"><br><\/a><\/p>\n\n\n\n<p><strong><a href=\"https:\/\/sfkbt-medlem.se\/am34m.aspx\">Makt och psykoterapi 12 februari 2024<\/a><\/strong><\/p>\n\n\n\n<p><strong><a href=\"https:\/\/sfkbt-medlem.se\/am40f3.aspx\">Schemafokuserad KBT i prim\u00e4rv\u00e5rden 21 februari 2025<\/a><\/strong><\/p>\n\n\n\n<p><strong><a href=\"https:\/\/sfkbt-medlem.se\/am40f2.aspx\">Hur m\u00e5r KBT idag? Med Poul Perris, maj 2024<\/a><\/strong><\/p>\n\n\n\n<p><strong><a href=\"https:\/\/sfkbt-medlem.se\/am40f.aspx\">AI och psykologisk behandling 26 september 2024<\/a><\/strong><\/p>\n\n\n\n<p><strong><a href=\"https:\/\/sfkbt-medlem.se\/am30k.aspx\">\u00c5rskonferens 18-19 oktober 2024<\/a><\/strong><\/p>\n\n\n\n<p><strong><a href=\"https:\/\/sfkbt-medlem.se\/am40f1.aspx\">FACT i prim\u00e4rv\u00e5rden 28 november 2024<\/a><\/strong><\/p>\n\n<\/div><\/div>\n<\/div><\/div><\/div>\n<\/div>","protected":false},"excerpt":{"rendered":"<p>aktiviteter<\/p>\n","protected":false},"author":1,"featured_media":0,"parent":0,"menu_order":0,"comment_status":"closed","ping_status":"closed","template":"","meta":{"footnotes":""},"class_list":["post-1383","page","type-page","status-publish"],"_links":{"self":[{"href":"https:\/\/sfkbt.se\/sfkbt\/wp-json\/wp\/v2\/pages\/1383","targetHints":{"allow":["GET"]}}],"collection":[{"href":"https:\/\/sfkbt.se\/sfkbt\/wp-json\/wp\/v2\/pages"}],"about":[{"href":"https:\/\/sfkbt.se\/sfkbt\/wp-json\/wp\/v2\/types\/page"}],"author":[{"embeddable":true,"href":"https:\/\/sfkbt.se\/sfkbt\/wp-json\/wp\/v2\/users\/1"}],"replies":[{"embeddable":true,"href":"https:\/\/sfkbt.se\/sfkbt\/wp-json\/wp\/v2\/comments?post=1383"}],"version-history":[{"count":751,"href":"https:\/\/sfkbt.se\/sfkbt\/wp-json\/wp\/v2\/pages\/1383\/revisions"}],"predecessor-version":[{"id":5871,"href":"https:\/\/sfkbt.se\/sfkbt\/wp-json\/wp\/v2\/pages\/1383\/revisions\/5871"}],"wp:attachment":[{"href":"https:\/\/sfkbt.se\/sfkbt\/wp-json\/wp\/v2\/media?parent=1383"}],"curies":[{"name":"wp","href":"https:\/\/api.w.org\/{rel}","templated":true}]}}